{"id":11,"date":"2013-03-21T14:12:48","date_gmt":"2013-03-21T14:12:48","guid":{"rendered":"http:\/\/gestion.udelar.edu.uy\/planeamientodesarrollo2019\/?page_id=11"},"modified":"2018-12-05T12:48:02","modified_gmt":"2018-12-05T15:48:02","slug":"institucional","status":"publish","type":"page","link":"https:\/\/planeamiento.udelar.edu.uy\/portal\/institucional\/","title":{"rendered":"Institucional"},"content":{"rendered":"<h3>Direcci\u00f3n General de Planeamiento<\/h3>\n<p><strong><span style=\"font-size: 14pt;\">Misi\u00f3n<\/span><\/strong><\/p>\n<p>Apoyar y asesorar en la toma de decisiones en materia presupuestal y contribuir al aporte de ideas para el cumplimiento de \u00a0los objetivos fijados por la Udelar, en el marco concreto de su tem\u00e1tica.<\/p>\n<p>Elaborar y administrar la asignaci\u00f3n presupuestal de la Udelar y sus componentes, as\u00ed como planificar escenarios sobre asignaci\u00f3n y distribuci\u00f3n de partidas presupuestales en el marco del cumplimiento de decisiones de los \u00f3rganos de gobierno universitarios.<\/p>\n<p>Elaborar informaci\u00f3n pertinente, oportuna y relevante, internamente para los diferentes niveles de gobierno de la Universidad y externamente para los organismos nacionales e internacionales y la sociedad en su conjunto.<\/p>\n<p>Las principales \u00e1reas de acci\u00f3n de esta direcci\u00f3n: Presupuesto, Estad\u00edstica , Informaci\u00f3n Institucional y Planificaci\u00f3n y Proyectos Especiales, est\u00e1n estrechamente interrelacionadas para el cumplimiento de su misi\u00f3n y los funcionarios profesionales, t\u00e9cnicos y administrativos interact\u00faan en distintos equipos y proyectos de trabajo que surgen de sus cometidos en un marco proactivo y propositivo.<\/p>\n<p>La especializaci\u00f3n en materia presupuestal no excluye otros \u00e1mbitos de profesionalizaci\u00f3n, sino por el contrario, se trata de potenciar y generar espacios de planificaci\u00f3n, comunicaci\u00f3n, nuevos proyectos e investigaciones que contribuyan al quehacer de la Udelar.\u00a0Integra el grupo de trabajo que entiende en el Sistema de Informaci\u00f3n de la Ense\u00f1anza, en el \u00a0marco del Sistema de Gesti\u00f3n de Administraci\u00f3n de la Ense\u00f1anza (SGAE) y el grupo Sistema de Indicadores de Evaluaci\u00f3n Universitaria.<\/p>\n","protected":false},"excerpt":{"rendered":"<p>Direcci\u00f3n General de Planeamiento Misi\u00f3n Apoyar y asesorar en la toma de decisiones en materia presupuestal y contribuir al aporte de ideas para el cumplimiento de \u00a0los objetivos fijados por &hellip;<\/p>\n","protected":false},"author":1,"featured_media":0,"parent":0,"menu_order":1,"comment_status":"closed","ping_status":"closed","template":"","meta":{"footnotes":""},"class_list":["post-11","page","type-page","status-publish","hentry"],"jetpack_sharing_enabled":true,"_links":{"self":[{"href":"https:\/\/planeamiento.udelar.edu.uy\/portal\/wp-json\/wp\/v2\/pages\/11","targetHints":{"allow":["GET"]}}],"collection":[{"href":"https:\/\/planeamiento.udelar.edu.uy\/portal\/wp-json\/wp\/v2\/pages"}],"about":[{"href":"https:\/\/planeamiento.udelar.edu.uy\/portal\/wp-json\/wp\/v2\/types\/page"}],"author":[{"embeddable":true,"href":"https:\/\/planeamiento.udelar.edu.uy\/portal\/wp-json\/wp\/v2\/users\/1"}],"replies":[{"embeddable":true,"href":"https:\/\/planeamiento.udelar.edu.uy\/portal\/wp-json\/wp\/v2\/comments?post=11"}],"version-history":[{"count":1,"href":"https:\/\/planeamiento.udelar.edu.uy\/portal\/wp-json\/wp\/v2\/pages\/11\/revisions"}],"predecessor-version":[{"id":9852,"href":"https:\/\/planeamiento.udelar.edu.uy\/portal\/wp-json\/wp\/v2\/pages\/11\/revisions\/9852"}],"wp:attachment":[{"href":"https:\/\/planeamiento.udelar.edu.uy\/portal\/wp-json\/wp\/v2\/media?parent=11"}],"curies":[{"name":"wp","href":"https:\/\/api.w.org\/{rel}","templated":true}]}}