{"id":1311,"date":"2013-08-16T14:10:45","date_gmt":"2013-08-16T14:10:45","guid":{"rendered":"http:\/\/gestion.udelar.edu.uy\/planeamientodesarrollo2019\/?page_id=1311"},"modified":"2019-01-24T13:04:33","modified_gmt":"2019-01-24T16:04:33","slug":"estudiantes","status":"publish","type":"page","link":"https:\/\/planeamiento.udelar.edu.uy\/portal\/publicaciones\/estudiantes\/","title":{"rendered":"Censos de Estudiantes"},"content":{"rendered":"<div class=\"osc-res-tab tabbable   osc-tabs-left\"><div style=\"clear:both;width: 100%;\"><ul class=\"nav osc-res-nav nav-tabs osc-tabs-left-ul\" id=\"oscitas-restabs-1-estudiantes-97249\"><li class=\"active\"><a href=\"#ert_pane1-0\" data-toggle=\"tab\"><strong>Grado<\/strong><\/a><\/li><li class=\"\"><a href=\"#ert_pane1-1\" data-toggle=\"tab\"><strong>Posgrado<\/strong><\/a><\/li><\/ul><\/div><div style=\"clear:both;width: 100%;\"><ul class=\"tab-content\" id=\"oscitas-restabcontent-1-estudiantes-97249\"><li class=\"tab-pane active\" id=\"ert_pane1-0\"><br \/>\n\n<!-- NOTE: If you need to make changes to this file, copy it to your current theme's main\n\tdirectory so your changes won't be overwritten when the plugin is upgraded. -->\n\n<!-- Post Wrap Start-->\n<div class=\"post hentry ivycat-post\">\n\n    <!-- \tThis outputs the post TITLE -->\n    <h2 class=\"titulo1\"><a href=\"https:\/\/planeamiento.udelar.edu.uy\/portal\/publicacion_generica\/vii-censo-de-estudiantes-de-grado-2012\/\">VII Censo de Estudiantes de Grado 2012<\/a><\/h2>\n\t<div class=\"tapa\">\n\t\t<a href=\"https:\/\/planeamiento.udelar.edu.uy\/portal\/publicacion_generica\/vii-censo-de-estudiantes-de-grado-2012\/\">\n\t\t\t<img loading=\"lazy\" decoding=\"async\" width=\"105\" height=\"150\" src=\"https:\/\/planeamiento.udelar.edu.uy\/portal\/wp-content\/uploads\/sites\/33\/2013\/12\/grado-2012-e1386259810801.jpg\" class=\"attachment-180x150 size-180x150 wp-post-image\" alt=\"\" srcset=\"https:\/\/planeamiento.udelar.edu.uy\/portal\/wp-content\/uploads\/sites\/33\/2013\/12\/grado-2012-e1386259810801.jpg 250w, https:\/\/planeamiento.udelar.edu.uy\/portal\/wp-content\/uploads\/sites\/33\/2013\/12\/grado-2012-e1386259810801-210x300.jpg 210w\" sizes=\"auto, (max-width: 105px) 100vw, 105px\" \/>\t\t<\/a>\n\t<\/div>\n\n    <!-- \tThis outputs the post EXCERPT.  To display full content including images and html,\n\t\treplace the_excerpt(); with the_content();  below. -->\n    <div class=\"entry-summary\">\n\t\t<p>La publicaci\u00f3n que se presenta a continuaci\u00f3n re\u00fane los resultados primarios del VII Censo de estudiantes universitarios de grado de la Udelar, conteniendo las principales caracter\u00edsticas sociodemogr\u00e1ficas y acad\u00e9micas de dicha poblaci\u00f3n.<\/p>\n\t\t\n    <\/div>\n\t<hr>\n\t<br>\n    <!--\tThis outputs the post META information -->\n\t<\/div>\n<!-- \/\/ Post Wrap End -->\n\n<!-- NOTE: If you need to make changes to this file, copy it to your current theme's main\n\tdirectory so your changes won't be overwritten when the plugin is upgraded. -->\n\n<!-- Post Wrap Start-->\n<div class=\"post hentry ivycat-post\">\n\n    <!-- \tThis outputs the post TITLE -->\n    <h2 class=\"titulo1\"><a href=\"https:\/\/planeamiento.udelar.edu.uy\/portal\/publicacion_generica\/informe-del-vi-censo-de-estudiantes-universitarios-2007\/\">Informe del VI Censo de Estudiantes Universitarios 2007<\/a><\/h2>\n\t<div class=\"tapa\">\n\t\t<a href=\"https:\/\/planeamiento.udelar.edu.uy\/portal\/publicacion_generica\/informe-del-vi-censo-de-estudiantes-universitarios-2007\/\">\n\t\t\t<img loading=\"lazy\" decoding=\"async\" width=\"104\" height=\"150\" src=\"https:\/\/planeamiento.udelar.edu.uy\/portal\/wp-content\/uploads\/sites\/33\/2013\/10\/censo-estudiantes-2007-tapa-web.png\" class=\"attachment-180x150 size-180x150 wp-post-image\" alt=\"\" srcset=\"https:\/\/planeamiento.udelar.edu.uy\/portal\/wp-content\/uploads\/sites\/33\/2013\/10\/censo-estudiantes-2007-tapa-web.png 250w, https:\/\/planeamiento.udelar.edu.uy\/portal\/wp-content\/uploads\/sites\/33\/2013\/10\/censo-estudiantes-2007-tapa-web-208x300.png 208w\" sizes=\"auto, (max-width: 104px) 100vw, 104px\" \/>\t\t<\/a>\n\t<\/div>\n\n    <!-- \tThis outputs the post EXCERPT.  To display full content including images and html,\n\t\treplace the_excerpt(); with the_content();  below. -->\n    <div class=\"entry-summary\">\n\t\t<p> Durante el mes de mayo de 2007 se realiz\u00f3 el VI Censo de estudiantes de la Universidad de la Rep\u00fablica. A partir del mismo se gener\u00f3 nueva informaci\u00f3n sobre la composici\u00f3n de la poblaci\u00f3n estudiantil, sus caracter\u00edsticas sociodemogr\u00e1ficas (edad, sexo, estructura familiar, etc.), situaci\u00f3n ocupacional y desempe\u00f1o educativo (avance en los estudios, trayectorias educativas, etc.).<\/p>\n\t\t\n    <\/div>\n\t<hr>\n\t<br>\n    <!--\tThis outputs the post META information -->\n\t<\/div>\n<!-- \/\/ Post Wrap End -->\n\n<!-- NOTE: If you need to make changes to this file, copy it to your current theme's main\n\tdirectory so your changes won't be overwritten when the plugin is upgraded. -->\n\n<!-- Post Wrap Start-->\n<div class=\"post hentry ivycat-post\">\n\n    <!-- \tThis outputs the post TITLE -->\n    <h2 class=\"titulo1\"><a href=\"https:\/\/planeamiento.udelar.edu.uy\/portal\/publicacion_generica\/informe-del-v-censo-de-estudiantes-universitarios-1999\/\">Informe del V Censo de Estudiantes Universitarios 1999\/2000<\/a><\/h2>\n\t<div class=\"tapa\">\n\t\t<a href=\"https:\/\/planeamiento.udelar.edu.uy\/portal\/publicacion_generica\/informe-del-v-censo-de-estudiantes-universitarios-1999\/\">\n\t\t\t<img loading=\"lazy\" decoding=\"async\" width=\"101\" height=\"150\" src=\"https:\/\/planeamiento.udelar.edu.uy\/portal\/wp-content\/uploads\/sites\/33\/2013\/10\/censo-estudiantes-2000-tapa-web.png\" class=\"attachment-180x150 size-180x150 wp-post-image\" alt=\"\" srcset=\"https:\/\/planeamiento.udelar.edu.uy\/portal\/wp-content\/uploads\/sites\/33\/2013\/10\/censo-estudiantes-2000-tapa-web.png 250w, https:\/\/planeamiento.udelar.edu.uy\/portal\/wp-content\/uploads\/sites\/33\/2013\/10\/censo-estudiantes-2000-tapa-web-203x300.png 203w\" sizes=\"auto, (max-width: 101px) 100vw, 101px\" \/>\t\t<\/a>\n\t<\/div>\n\n    <!-- \tThis outputs the post EXCERPT.  To display full content including images and html,\n\t\treplace the_excerpt(); with the_content();  below. -->\n    <div class=\"entry-summary\">\n\t\t<p> El documento presenta resultados definitivos sobre los estudiantes censados as\u00ed como las tendencias observadas a partir de la informaci\u00f3n de los diferentes censos de estudiantes.<br \/>\nEl trabajo consta de cinco secciones. En la primera se muestran las tendencias intercensales de la poblaci\u00f3n estudiantil universitaria. Las secciones II a V presentan los resultados anticipados del Censo Estudiantil a partir de una muestra representativa. En la secci\u00f3n II se analizan las caracter\u00edsticas demogr\u00e1ficas y la composici\u00f3n de los hogares de los estudiantes. En la III, se describen los perfiles de los estudiantes seg\u00fan el origen y residencia  geogr\u00e1fica. En la secci\u00f3n IV, describe la condici\u00f3n laboral de los estudiantes universitarios; y la \u00faltima, presenta resultados sobre el nivel de actividad   educativa de la poblaci\u00f3n estudiantil.<\/p>\n\t\t\n    <\/div>\n\t<hr>\n\t<br>\n    <!--\tThis outputs the post META information -->\n\t<\/div>\n<!-- \/\/ Post Wrap End -->\n\n<!-- NOTE: If you need to make changes to this file, copy it to your current theme's main\n\tdirectory so your changes won't be overwritten when the plugin is upgraded. -->\n\n<!-- Post Wrap Start-->\n<div class=\"post hentry ivycat-post\">\n\n    <!-- \tThis outputs the post TITLE -->\n    <h2 class=\"titulo1\"><a href=\"https:\/\/planeamiento.udelar.edu.uy\/portal\/publicacion_generica\/censo-de-estudiantes-1988\/\">Informe del IV Censo General de Estudiantes Universitarios 1988<\/a><\/h2>\n\t<div class=\"tapa\">\n\t\t<a href=\"https:\/\/planeamiento.udelar.edu.uy\/portal\/publicacion_generica\/censo-de-estudiantes-1988\/\">\n\t\t\t<img loading=\"lazy\" decoding=\"async\" width=\"114\" height=\"150\" src=\"https:\/\/planeamiento.udelar.edu.uy\/portal\/wp-content\/uploads\/sites\/33\/2013\/10\/Censo-1988.png\" class=\"attachment-180x150 size-180x150 wp-post-image\" alt=\"\" srcset=\"https:\/\/planeamiento.udelar.edu.uy\/portal\/wp-content\/uploads\/sites\/33\/2013\/10\/Censo-1988.png 664w, https:\/\/planeamiento.udelar.edu.uy\/portal\/wp-content\/uploads\/sites\/33\/2013\/10\/Censo-1988-228x300.png 228w, https:\/\/planeamiento.udelar.edu.uy\/portal\/wp-content\/uploads\/sites\/33\/2013\/10\/Censo-1988-152x200.png 152w\" sizes=\"auto, (max-width: 114px) 100vw, 114px\" \/>\t\t<\/a>\n\t<\/div>\n\n    <!-- \tThis outputs the post EXCERPT.  To display full content including images and html,\n\t\treplace the_excerpt(); with the_content();  below. -->\n    <div class=\"entry-summary\">\n\t\t<p>El tomo I presenta los resultados de la primera parte del an\u00e1lisis, el tomo II contiene gr\u00e1ficos y cuadros anexos, los tomos III y IV contemplan la informaci\u00f3n surgida del relevamiento muestral con sus cuadros anexos.<br \/>\nTambi\u00e9n se presenta el resumen del informe.<\/p>\n\t\t\n    <\/div>\n\t<hr>\n\t<br>\n    <!--\tThis outputs the post META information -->\n\t<\/div>\n<!-- \/\/ Post Wrap End -->\n\n<!-- NOTE: If you need to make changes to this file, copy it to your current theme's main\n\tdirectory so your changes won't be overwritten when the plugin is upgraded. -->\n\n<!-- Post Wrap Start-->\n<div class=\"post hentry ivycat-post\">\n\n    <!-- \tThis outputs the post TITLE -->\n    <h2 class=\"titulo1\"><a href=\"https:\/\/planeamiento.udelar.edu.uy\/portal\/publicacion_generica\/informe-censo-de-estudiantes-ingresados-1974\/\">Informe Censo Universitario Extraordinario 1974<\/a><\/h2>\n\t<div class=\"tapa\">\n\t\t<a href=\"https:\/\/planeamiento.udelar.edu.uy\/portal\/publicacion_generica\/informe-censo-de-estudiantes-ingresados-1974\/\">\n\t\t\t<img loading=\"lazy\" decoding=\"async\" width=\"116\" height=\"150\" src=\"https:\/\/planeamiento.udelar.edu.uy\/portal\/wp-content\/uploads\/sites\/33\/2020\/09\/CensoEstudiantes1974-e1601402892615.png\" class=\"attachment-180x150 size-180x150 wp-post-image\" alt=\"\" srcset=\"https:\/\/planeamiento.udelar.edu.uy\/portal\/wp-content\/uploads\/sites\/33\/2020\/09\/CensoEstudiantes1974-e1601402892615.png 250w, https:\/\/planeamiento.udelar.edu.uy\/portal\/wp-content\/uploads\/sites\/33\/2020\/09\/CensoEstudiantes1974-e1601402892615-231x300.png 231w, https:\/\/planeamiento.udelar.edu.uy\/portal\/wp-content\/uploads\/sites\/33\/2020\/09\/CensoEstudiantes1974-e1601402892615-154x200.png 154w\" sizes=\"auto, (max-width: 116px) 100vw, 116px\" \/>\t\t<\/a>\n\t<\/div>\n\n    <!-- \tThis outputs the post EXCERPT.  To display full content including images and html,\n\t\treplace the_excerpt(); with the_content();  below. -->\n    <div class=\"entry-summary\">\n\t\t\t\t\n    <\/div>\n\t<hr>\n\t<br>\n    <!--\tThis outputs the post META information -->\n\t<\/div>\n<!-- \/\/ Post Wrap End -->\n\n<!-- NOTE: If you need to make changes to this file, copy it to your current theme's main\n\tdirectory so your changes won't be overwritten when the plugin is upgraded. -->\n\n<!-- Post Wrap Start-->\n<div class=\"post hentry ivycat-post\">\n\n    <!-- \tThis outputs the post TITLE -->\n    <h2 class=\"titulo1\"><a href=\"https:\/\/planeamiento.udelar.edu.uy\/portal\/publicacion_generica\/informe-censo-de-estudiantes-ingresados-1968\/\">Informe Censo de Estudiantes Ingresados 1968<\/a><\/h2>\n\t<div class=\"tapa\">\n\t\t<a href=\"https:\/\/planeamiento.udelar.edu.uy\/portal\/publicacion_generica\/informe-censo-de-estudiantes-ingresados-1968\/\">\n\t\t\t<img loading=\"lazy\" decoding=\"async\" width=\"120\" height=\"150\" src=\"https:\/\/planeamiento.udelar.edu.uy\/portal\/wp-content\/uploads\/sites\/33\/2020\/09\/CensoEstudiantes1968-e1601402013952.png\" class=\"attachment-180x150 size-180x150 wp-post-image\" alt=\"\" \/>\t\t<\/a>\n\t<\/div>\n\n    <!-- \tThis outputs the post EXCERPT.  To display full content including images and html,\n\t\treplace the_excerpt(); with the_content();  below. -->\n    <div class=\"entry-summary\">\n\t\t\t\t\n    <\/div>\n\t<hr>\n\t<br>\n    <!--\tThis outputs the post META information -->\n\t<\/div>\n<!-- \/\/ Post Wrap End -->\n<br \/><\/li><li class=\"tab-pane \" id=\"ert_pane1-1\"><br \/>\n\n<!-- NOTE: If you need to make changes to this file, copy it to your current theme's main\n\tdirectory so your changes won't be overwritten when the plugin is upgraded. -->\n\n<!-- Post Wrap Start-->\n<div class=\"post hentry ivycat-post\">\n\n    <!-- \tThis outputs the post TITLE -->\n    <h2 class=\"titulo1\"><a href=\"https:\/\/planeamiento.udelar.edu.uy\/portal\/publicacion_generica\/i-censo-de-estudiantes-de-posgrado-2012\/\">I Censo de Estudiantes de Posgrado 2012<\/a><\/h2>\n\t<div class=\"tapa\">\n\t\t<a href=\"https:\/\/planeamiento.udelar.edu.uy\/portal\/publicacion_generica\/i-censo-de-estudiantes-de-posgrado-2012\/\">\n\t\t\t<img loading=\"lazy\" decoding=\"async\" width=\"105\" height=\"150\" src=\"https:\/\/planeamiento.udelar.edu.uy\/portal\/wp-content\/uploads\/sites\/33\/2014\/02\/I-censo-de-estudiantes-de-posgrado.jpg\" class=\"attachment-180x150 size-180x150 wp-post-image\" alt=\"\" srcset=\"https:\/\/planeamiento.udelar.edu.uy\/portal\/wp-content\/uploads\/sites\/33\/2014\/02\/I-censo-de-estudiantes-de-posgrado.jpg 543w, https:\/\/planeamiento.udelar.edu.uy\/portal\/wp-content\/uploads\/sites\/33\/2014\/02\/I-censo-de-estudiantes-de-posgrado-211x300.jpg 211w\" sizes=\"auto, (max-width: 105px) 100vw, 105px\" \/>\t\t<\/a>\n\t<\/div>\n\n    <!-- \tThis outputs the post EXCERPT.  To display full content including images and html,\n\t\treplace the_excerpt(); with the_content();  below. -->\n    <div class=\"entry-summary\">\n\t\t<p>A continuaci\u00f3n se presentan los resultados del I Censo de Estudiantes Universitarios de Posgrado del a\u00f1o 2012.<\/p>\n\t\t\n    <\/div>\n\t<hr>\n\t<br>\n    <!--\tThis outputs the post META information -->\n\t<\/div>\n<!-- \/\/ Post Wrap End -->\n<br \/><\/li><\/ul><\/div><\/div>\n","protected":false},"excerpt":{"rendered":"","protected":false},"author":1,"featured_media":0,"parent":10184,"menu_order":0,"comment_status":"closed","ping_status":"open","template":"","meta":{"footnotes":""},"class_list":["post-1311","page","type-page","status-publish","hentry"],"jetpack_sharing_enabled":true,"_links":{"self":[{"href":"https:\/\/planeamiento.udelar.edu.uy\/portal\/wp-json\/wp\/v2\/pages\/1311","targetHints":{"allow":["GET"]}}],"collection":[{"href":"https:\/\/planeamiento.udelar.edu.uy\/portal\/wp-json\/wp\/v2\/pages"}],"about":[{"href":"https:\/\/planeamiento.udelar.edu.uy\/portal\/wp-json\/wp\/v2\/types\/page"}],"author":[{"embeddable":true,"href":"https:\/\/planeamiento.udelar.edu.uy\/portal\/wp-json\/wp\/v2\/users\/1"}],"replies":[{"embeddable":true,"href":"https:\/\/planeamiento.udelar.edu.uy\/portal\/wp-json\/wp\/v2\/comments?post=1311"}],"version-history":[{"count":21,"href":"https:\/\/planeamiento.udelar.edu.uy\/portal\/wp-json\/wp\/v2\/pages\/1311\/revisions"}],"predecessor-version":[{"id":13694,"href":"https:\/\/planeamiento.udelar.edu.uy\/portal\/wp-json\/wp\/v2\/pages\/1311\/revisions\/13694"}],"up":[{"embeddable":true,"href":"https:\/\/planeamiento.udelar.edu.uy\/portal\/wp-json\/wp\/v2\/pages\/10184"}],"wp:attachment":[{"href":"https:\/\/planeamiento.udelar.edu.uy\/portal\/wp-json\/wp\/v2\/media?parent=1311"}],"curies":[{"name":"wp","href":"https:\/\/api.w.org\/{rel}","templated":true}]}}