{"id":15711,"date":"2021-08-17T18:30:04","date_gmt":"2021-08-17T21:30:04","guid":{"rendered":"https:\/\/planeamiento.udelar.edu.uy\/?page_id=15711"},"modified":"2026-02-19T15:07:52","modified_gmt":"2026-02-19T18:07:52","slug":"forma-docente","status":"publish","type":"page","link":"https:\/\/planeamiento.udelar.edu.uy\/portal\/proyectos\/forma-docente\/","title":{"rendered":"FormA &#8211; Docente"},"content":{"rendered":"\n<p><strong>Relevamiento continuo de docentes de la Udelar.<\/strong><\/p>\n<p>Disponer de informaci\u00f3n y estad\u00edsticas regulares sobre la poblaci\u00f3n universitaria es un componente fundamental en la definici\u00f3n y evaluaci\u00f3n de la gesti\u00f3n y pol\u00edticas universitarias.<\/p>\n<p>En este sentido, el FormA-Docente permitir\u00e1 obtener informaci\u00f3n actualizada de todos los docentes de la Udelar referente a caracter\u00edsticas sociodemogr\u00e1ficas, situaci\u00f3n ocupacional, educaci\u00f3n de grado y posgrado, y a las funciones universitarias (ense\u00f1anza, investigaci\u00f3n, extensi\u00f3n, y gesti\u00f3n).<\/p>\n<p>Se trata de un relevamiento continuo que reemplaza la realizaci\u00f3n de los censos universitarios y que los docentes deber\u00e1n completar peri\u00f3dicamente de manera obligatoria (Res. N\u00b05 del CDC de fecha 3 de agosto de 2021).<\/p>\n<p><strong>Acceso a Microdatos:<\/strong><\/p>\n<p><a href=\"https:\/\/planeamiento.udelar.edu.uy\/portal\/acceso-a-microdatos\/microdatos-forma-docente\/\"><strong>Microdatos<\/strong><\/a><\/p>\n<p><strong>Por m\u00e1s informaci\u00f3n dirigirse a:<\/strong><br \/>FormA-Docente: <a href=\"mailto:forma.docente@udelar.edu.uy\">forma.docente@udelar.edu.uy<\/a><\/p>\n<table style=\"width: 141.31%; height: 814px;\">\n<tbody>\n<tr style=\"height: 62px;\">\n<td style=\"height: 62px; width: 135.82%;\" colspan=\"2\">\n<p style=\"text-align: center;\"><span style=\"font-size: 12pt;\">Documentos y publicaciones de inter\u00e9s:<\/span><\/p>\n<\/td>\n<\/tr>\n<tr style=\"height: 752px;\">\n<td style=\"height: 752px; width: 35.7512%;\">\n<p><a href=\"https:\/\/planeamiento.udelar.edu.uy\/wp-content\/uploads\/sites\/33\/2021\/08\/Resolucion-N\u00b05-del-CDC-de-fecha-3-de-agosto-de-2021.pdf\">Resoluci\u00f3n N\u00b05 del CDC de fecha 3 de agosto de 2021<\/a><\/p>\n<p><a href=\"https:\/\/planeamiento.udelar.edu.uy\/portal\/wp-content\/uploads\/sites\/33\/2025\/08\/Nota-informativa-FormA-Docente-2025.doc\">Nota informativa FormA-Docente 2025<\/a><br \/><br \/><\/p>\n<p><img loading=\"lazy\" decoding=\"async\" class=\"alignnone size-full wp-image-23208\" src=\"https:\/\/planeamiento.udelar.edu.uy\/portal\/wp-content\/uploads\/sites\/33\/2025\/08\/forma-docente-1.png\" alt=\"\" width=\"592\" height=\"838\" srcset=\"https:\/\/planeamiento.udelar.edu.uy\/portal\/wp-content\/uploads\/sites\/33\/2025\/08\/forma-docente-1.png 592w, https:\/\/planeamiento.udelar.edu.uy\/portal\/wp-content\/uploads\/sites\/33\/2025\/08\/forma-docente-1-212x300.png 212w, https:\/\/planeamiento.udelar.edu.uy\/portal\/wp-content\/uploads\/sites\/33\/2025\/08\/forma-docente-1-141x200.png 141w\" sizes=\"auto, (max-width: 592px) 100vw, 592px\" \/><\/p>\n<\/td>\n<td style=\"height: 752px; width: 100.069%;\">\n<div class=\"osc-res-tab tabbable   osc-tabs-left\"><div style=\"clear:both;width: 100%;\"><ul class=\"nav osc-res-nav nav-tabs osc-tabs-left-ul\" id=\"oscitas-restabs-1-forma-docente-22217\"><li class=\"active\"><a href=\"#ert_pane1-0\" data-toggle=\"tab\">2025<\/a><\/li><li class=\"\"><a href=\"#ert_pane1-1\" data-toggle=\"tab\">2023<\/a><\/li><li class=\"\"><a href=\"#ert_pane1-2\" data-toggle=\"tab\">2021<\/a><\/li><\/ul><\/div><div style=\"clear:both;width: 100%;\"><ul class=\"tab-content\" id=\"oscitas-restabcontent-1-forma-docente-22217\"><li class=\"tab-pane active\" id=\"ert_pane1-0\"><\/p>\n<p><a href=\"https:\/\/planeamiento.udelar.edu.uy\/portal\/infografia-forma-docente-2025\/\"><img loading=\"lazy\" decoding=\"async\" class=\"alignnone size-medium wp-image-24020\" src=\"https:\/\/planeamiento.udelar.edu.uy\/portal\/wp-content\/uploads\/sites\/33\/2026\/02\/infografia-docente-2025-212x300.png\" alt=\"\" width=\"212\" height=\"300\" srcset=\"https:\/\/planeamiento.udelar.edu.uy\/portal\/wp-content\/uploads\/sites\/33\/2026\/02\/infografia-docente-2025-212x300.png 212w, https:\/\/planeamiento.udelar.edu.uy\/portal\/wp-content\/uploads\/sites\/33\/2026\/02\/infografia-docente-2025-141x200.png 141w, https:\/\/planeamiento.udelar.edu.uy\/portal\/wp-content\/uploads\/sites\/33\/2026\/02\/infografia-docente-2025.png 467w\" sizes=\"auto, (max-width: 212px) 100vw, 212px\" \/><\/a><\/p>\n<p><\/li><li class=\"tab-pane \" id=\"ert_pane1-1\"><\/p>\n<p style=\"text-align: center;\">\u00a0<\/p>\n<p style=\"text-align: center;\">\u00a0 <a href=\"https:\/\/planeamiento.udelar.edu.uy\/portal\/wp-content\/uploads\/sites\/33\/2025\/11\/FORMA-DOCENTE-2023_25.11.25.pdf\"><img loading=\"lazy\" decoding=\"async\" class=\"alignleft wp-image-21316\" src=\"https:\/\/planeamiento.udelar.edu.uy\/portal\/wp-content\/uploads\/sites\/33\/2024\/04\/Forma-docente-2023-163x300.png\" alt=\"\" width=\"176\" height=\"324\" srcset=\"https:\/\/planeamiento.udelar.edu.uy\/portal\/wp-content\/uploads\/sites\/33\/2024\/04\/Forma-docente-2023-163x300.png 163w, https:\/\/planeamiento.udelar.edu.uy\/portal\/wp-content\/uploads\/sites\/33\/2024\/04\/Forma-docente-2023-109x200.png 109w, https:\/\/planeamiento.udelar.edu.uy\/portal\/wp-content\/uploads\/sites\/33\/2024\/04\/Forma-docente-2023.png 444w\" sizes=\"auto, (max-width: 176px) 100vw, 176px\" \/><\/a>\u00a0 \u00a0<strong>Resultado del relevamiento continuo de funcionarios\/as TAS:<\/strong><\/p>\n<p style=\"text-align: center;\"><strong>Presentaci\u00f3n 19\/12\/2024<\/strong><\/p>\n<p style=\"text-align: center;\"><a href=\"https:\/\/planeamiento.udelar.edu.uy\/portal\/wp-content\/uploads\/sites\/33\/2025\/02\/Presentacion-FormA-Docente-2023.pdf\"><img loading=\"lazy\" decoding=\"async\" class=\"alignnone\" src=\"https:\/\/planeamiento.udelar.edu.uy\/portal\/wp-content\/uploads\/sites\/33\/2025\/02\/Relevamiento-Docente-2023.png\" alt=\"\" width=\"302\" height=\"170\" \/><\/a><\/p>\n<h3 style=\"text-align: center;\">\u00a0<\/h3>\n<h3 style=\"text-align: center;\">\u00a0<\/h3>\n<h3 class=\"style-scope ytd-watch-metadata\" style=\"text-align: center;\"><span style=\"font-size: 14pt;\"><strong>Presentaci\u00f3n de resultados de los relevamientos continuos FormA Docente y FormA TAS \u2013 sede Rivera del CENUR Noreste<\/strong><\/span><\/h3>\n<p><iframe loading=\"lazy\" title=\"YouTube video player\" src=\"https:\/\/www.youtube.com\/embed\/ZBOtrrHwQz4?si=Uuib7eWO1c5IfmC4\" width=\"560\" height=\"315\" frameborder=\"0\" allowfullscreen=\"allowfullscreen\"><\/iframe><\/p>\n<p>\u00a0<\/p>\n<p>\u00a0<\/p>\n<p><\/li><li class=\"tab-pane \" id=\"ert_pane1-2\"><\/p>\n<p><a href=\"https:\/\/planeamiento.udelar.edu.uy\/wp-content\/uploads\/sites\/33\/2023\/01\/FORMA-DOCENTE-2021_enero_2023.pdf\"><img loading=\"lazy\" decoding=\"async\" class=\"alignnone\" src=\"https:\/\/planeamiento.udelar.edu.uy\/wp-content\/uploads\/sites\/33\/2022\/07\/imagen_2022-07-05_113331061.png\" alt=\"\" width=\"165\" height=\"307\" \/><\/a><\/p>\n<p>\u00a0<\/p>\n<p>\u00a0<\/p>\n<p>\u00a0<\/p>\n<p>\u00a0<\/p>\n<p>\u00a0<\/p>\n<p>\u00a0<\/p>\n<p>\u00a0<\/p>\n<p>\u00a0<\/p>\n<p>\u00a0<\/p>\n<p><\/li><\/ul><\/div><\/div>\n<\/td>\n<\/tr>\n<\/tbody>\n<\/table>\n<p>\u00a0<\/p>\n","protected":false},"excerpt":{"rendered":"<p>Relevamiento continuo de docentes de la Udelar. Disponer de informaci\u00f3n y estad\u00edsticas regulares sobre la poblaci\u00f3n universitaria es un componente fundamental en la definici\u00f3n y evaluaci\u00f3n de la gesti\u00f3n y &hellip;<\/p>\n","protected":false},"author":43,"featured_media":0,"parent":3569,"menu_order":0,"comment_status":"closed","ping_status":"closed","template":"","meta":{"footnotes":""},"class_list":["post-15711","page","type-page","status-publish","hentry"],"jetpack_sharing_enabled":true,"_links":{"self":[{"href":"https:\/\/planeamiento.udelar.edu.uy\/portal\/wp-json\/wp\/v2\/pages\/15711","targetHints":{"allow":["GET"]}}],"collection":[{"href":"https:\/\/planeamiento.udelar.edu.uy\/portal\/wp-json\/wp\/v2\/pages"}],"about":[{"href":"https:\/\/planeamiento.udelar.edu.uy\/portal\/wp-json\/wp\/v2\/types\/page"}],"author":[{"embeddable":true,"href":"https:\/\/planeamiento.udelar.edu.uy\/portal\/wp-json\/wp\/v2\/users\/43"}],"replies":[{"embeddable":true,"href":"https:\/\/planeamiento.udelar.edu.uy\/portal\/wp-json\/wp\/v2\/comments?post=15711"}],"version-history":[{"count":52,"href":"https:\/\/planeamiento.udelar.edu.uy\/portal\/wp-json\/wp\/v2\/pages\/15711\/revisions"}],"predecessor-version":[{"id":24033,"href":"https:\/\/planeamiento.udelar.edu.uy\/portal\/wp-json\/wp\/v2\/pages\/15711\/revisions\/24033"}],"up":[{"embeddable":true,"href":"https:\/\/planeamiento.udelar.edu.uy\/portal\/wp-json\/wp\/v2\/pages\/3569"}],"wp:attachment":[{"href":"https:\/\/planeamiento.udelar.edu.uy\/portal\/wp-json\/wp\/v2\/media?parent=15711"}],"curies":[{"name":"wp","href":"https:\/\/api.w.org\/{rel}","templated":true}]}}