{"id":4128,"date":"2015-06-16T14:59:40","date_gmt":"2015-06-16T14:59:40","guid":{"rendered":"http:\/\/gestion.udelar.edu.uy\/planeamientodesarrollo2019\/?page_id=4128"},"modified":"2022-04-22T10:31:18","modified_gmt":"2022-04-22T13:31:18","slug":"definiciones","status":"publish","type":"page","link":"https:\/\/planeamiento.udelar.edu.uy\/portal\/estudiantes\/definiciones\/","title":{"rendered":"Definiciones"},"content":{"rendered":"<p>En el marco de la implementaci\u00f3n del nuevo Sistema de Gesti\u00f3n de Administraci\u00f3n de la Ense\u00f1anza (SGAE), el grupo de trabajo que entiende en el Sistema de Informaci\u00f3n de la Ense\u00f1anza (SIEn) , integrado por CSE, SeCIU, Rectorado y DGPlan, pone a consideraci\u00f3n de la Comisi\u00f3n Sectorial de Ense\u00f1anza (CSE) una propuesta de definiciones para el acuerdo de indicadores sobre actividad estudiantil.<\/p>\n<p><a href=\"http:\/\/www.expe.edu.uy\/expe\/resoluci.nsf\/e3365ff03c2a3d6103256dcc003b9031\/cef44da7f881fc7303257a9b003ca0e4?OpenDocument\">Definiciones propuestas por el Grupo SIEn y aprobadas por Resoluci\u00f3n N\u00b0 15 del CDC de fecha 23.10.12 seg\u00fan distribuido 850-12.<\/a><\/p>\n<p><span style=\"font-size: 14pt;\"><strong>Generaci\u00f3n de ingreso a la Udelar:<br \/>\n<\/strong><\/span>Comprende a los estudiantes que ingresan por primera vez a la Udelar, en un a\u00f1o dado, a alguna carrera terciaria y\/o de grado<\/p>\n<p><span style=\"font-size: 14pt;\"><strong>Generaci\u00f3n de ingreso a \u00e1rea:<br \/>\n<\/strong><\/span>Comprende a los estudiantes que ingresan por primera vez al \u00c1rea, en un a\u00f1o dado, a alguna carrera terciaria y\/o de grado.<br \/>\nSe considera el conjunto de las carreras compartidas y el conjunto de los CIO como dos \u00c1reas aparte.<\/p>\n<p><span style=\"font-size: 14pt;\"><strong>Generaci\u00f3n de ingreso a servicio:<br \/>\n<\/strong><\/span>Comprende a los estudiantes que ingresan por primera vez al Servicio, en un a\u00f1o dado, a alguna carrera terciaria y\/o de grado.<br \/>\nSe considera cada carrera compartida y cada CIO como un Servicio aparte.<\/p>\n<p><span style=\"font-size: 14pt;\"><strong>Generaci\u00f3n de ingreso a carrera:<br \/>\n<\/strong><\/span>Comprende a los estudiantes que ingresan por primera vez a una Carrera terciaria y\/o de grado, en un a\u00f1o dado.<br \/>\nNo se consideran los estudiantes que ingresan a la carrera a trav\u00e9s de un CIO o de un ciclo B\u00e1sico com\u00fan en a\u00f1os anteriores.<\/p>\n<p><em>Especificaciones:<\/em><\/p>\n<p><em>No se incluyen los estudiantes provisorios por previas.<br \/>\n<\/em><em>No se incluyen los estudiantes de intercambio.<br \/>\n<\/em><em>Se incluyen los estudiantes de cortes\u00eda diplom\u00e1tica.<\/em><\/p>\n<p><span style=\"text-decoration: underline;\"><strong><span style=\"font-size: 14pt;\">Estudiante activo en distintos niveles<\/span><\/strong><\/span><\/p>\n<p><strong><span style=\"font-size: 14pt;\">Estudiante activo por carrera en un a\u00f1o dado:<\/span><\/strong><br \/>\nComprende a los estudiantes que registran alguna actividad de rendici\u00f3n de curso o examen en los \u00faltimos dos a\u00f1os calendario consecutivos anteriores, en cualquier unidad curricular b\u00e1sica de la carrera, m\u00e1s la generaci\u00f3n de ingreso a la carrera en el a\u00f1o dado.<\/p>\n<p><strong><span style=\"font-size: 14pt;\">Estudiante activo por Servicio en un a\u00f1o dado:<\/span><\/strong><br \/>\nComprende a los estudiantes que registran alguna actividad de rendici\u00f3n de curso o examen en los \u00faltimos dos a\u00f1os calendario consecutivos anteriores, en cualquier unidad curricular b\u00e1sica de al menos una carrera del Servicio, m\u00e1s la generaci\u00f3n de ingreso al Servicio en el a\u00f1o dado.<\/p>\n<p><strong><span style=\"font-size: 14pt;\">Estudiante activo UdelaR en un a\u00f1o dado:<\/span><\/strong><br \/>\nComprende a los estudiantes que registran alguna actividad de rendici\u00f3n de curso o examen en los \u00faltimos dos a\u00f1os calendario consecutivos anteriores, en cualquier unidad curricular b\u00e1sica de al menos una carrera de la UdelaR, m\u00e1s la generaci\u00f3n de ingreso a la UdelaR en el a\u00f1o dado.<\/p>\n<p><em>Se incluyen en esta categor\u00eda los niveles de formaci\u00f3n y certificaciones contemplados en la ordenanza de grado.<\/em><\/p>\n","protected":false},"excerpt":{"rendered":"<p>En el marco de la implementaci\u00f3n del nuevo Sistema de Gesti\u00f3n de Administraci\u00f3n de la Ense\u00f1anza (SGAE), el grupo de trabajo que entiende en el Sistema de Informaci\u00f3n de la &hellip;<\/p>\n","protected":false},"author":1,"featured_media":0,"parent":17,"menu_order":0,"comment_status":"closed","ping_status":"open","template":"","meta":{"footnotes":""},"class_list":["post-4128","page","type-page","status-publish","hentry"],"jetpack_sharing_enabled":true,"_links":{"self":[{"href":"https:\/\/planeamiento.udelar.edu.uy\/portal\/wp-json\/wp\/v2\/pages\/4128","targetHints":{"allow":["GET"]}}],"collection":[{"href":"https:\/\/planeamiento.udelar.edu.uy\/portal\/wp-json\/wp\/v2\/pages"}],"about":[{"href":"https:\/\/planeamiento.udelar.edu.uy\/portal\/wp-json\/wp\/v2\/types\/page"}],"author":[{"embeddable":true,"href":"https:\/\/planeamiento.udelar.edu.uy\/portal\/wp-json\/wp\/v2\/users\/1"}],"replies":[{"embeddable":true,"href":"https:\/\/planeamiento.udelar.edu.uy\/portal\/wp-json\/wp\/v2\/comments?post=4128"}],"version-history":[{"count":5,"href":"https:\/\/planeamiento.udelar.edu.uy\/portal\/wp-json\/wp\/v2\/pages\/4128\/revisions"}],"predecessor-version":[{"id":16801,"href":"https:\/\/planeamiento.udelar.edu.uy\/portal\/wp-json\/wp\/v2\/pages\/4128\/revisions\/16801"}],"up":[{"embeddable":true,"href":"https:\/\/planeamiento.udelar.edu.uy\/portal\/wp-json\/wp\/v2\/pages\/17"}],"wp:attachment":[{"href":"https:\/\/planeamiento.udelar.edu.uy\/portal\/wp-json\/wp\/v2\/media?parent=4128"}],"curies":[{"name":"wp","href":"https:\/\/api.w.org\/{rel}","templated":true}]}}