{"id":4385,"date":"2015-07-28T14:51:10","date_gmt":"2015-07-28T14:51:10","guid":{"rendered":"http:\/\/gestion.udelar.edu.uy\/planeamientodesarrollo2019\/?page_id=4385"},"modified":"2024-12-18T12:49:39","modified_gmt":"2024-12-18T15:49:39","slug":"sistema-de-indicadores-para-la-evaluacion-universitaria-sieu","status":"publish","type":"page","link":"https:\/\/planeamiento.udelar.edu.uy\/portal\/proyectos\/sistema-de-indicadores-para-la-evaluacion-universitaria-sieu\/","title":{"rendered":"Sistema de Indicadores para la Evaluaci\u00f3n Universitaria (SIEU)"},"content":{"rendered":"<p>En el marco del Plan de Metas 2012 \u2013 2014 la Direcci\u00f3n General de Planeamiento presenta a la Comisi\u00f3n Program\u00e1tica Presupuestal (CPP) la necesidad de impulsar la creaci\u00f3n de un Sistema de Indicadores para la Evaluaci\u00f3n Universitaria (SIEU), involucrando a las diferentes comisiones sectoriales y espacios universitarios con el fin de\u00a0contribuir a la creaci\u00f3n de dicho sistema.<\/p>\n<p>El objetivo general es construir un sistema que permita evaluar \u00a0las funciones sustantivas de ense\u00f1anza, investigaci\u00f3n y extensi\u00f3n de la Universidad de la Rep\u00fablica.<\/p>\n<p>Como\u00a0objetivos espec\u00edficos cabe mencionar:<\/p>\n<ul>\n<li>Contribuir al aseguramiento y mejora de la calidad de la Universidad en los \u00e1mbitos de ense\u00f1anza, investigaci\u00f3n y extensi\u00f3n, as\u00ed como orientar las decisiones pol\u00edticas en la asignaci\u00f3n de recursos.<\/li>\n<li>Proporcionar informaci\u00f3n \u00fatil para la toma de decisiones, fiable, consistente, y de calidad sobre la realidad de la UdelaR en sus funciones y orientada a los distintos actores involucrados.<\/li>\n<li>Proporcionar informaci\u00f3n y mostrar los resultados de las actividades, a los efectos de rendir cuentas a la sociedad del empleo que la Universidad de la Rep\u00fablica realiza de los recursos que se le destinan para cumplir su misi\u00f3n.<\/li>\n<li>Operacionalizar los conceptos fundamentales para la evaluaci\u00f3n universitaria mediante indicadores que sean a la vez relevantes y conseguibles.<\/li>\n<\/ul>\n<p><strong>\u00a0<\/strong><\/p>\n<p><span style=\"font-size: 18pt;\"><strong>Grupos de trabajo:<\/strong><\/span><\/p>\n<p><strong>Grupo SIEn \u2013 Sistema de Informaci\u00f3n de la Ense\u00f1anza &#8211;\u00a0<\/strong><strong><a href=\"https:\/\/planeamiento.udelar.edu.uy\/portal\/sistema-de-indicadores\/\">Indicadores<\/a><\/strong><\/p>\n<p>Desde el a\u00f1o 2011 a propuesta del Rector se trabaja en el an\u00e1lisis de las trayectorias educativas, para ello se ha conformado un Grupo de Trabajo integrado por representantes de Comisi\u00f3n Sectorial de Ense\u00f1anza (CSE), Rectorado, SeCIU y Direcci\u00f3n General de Planeamiento. Su objetivo es trabajar en definiciones para el acuerdo de indicadores sobre la actividad estudiantil y para su implementaci\u00f3n en el nuevo Sistema de Gesti\u00f3n Administrativa de la Ense\u00f1anza (SGAE).<br \/>Los avances del Grupo han sido presentados en distintos \u00e1mbitos, entre ellos, CSE, CPP, GAS y las tres \u00c1reas. La CSE present\u00f3 en 2012 al Consejo Directivo Central, las propuestas de este Grupo respecto a las definiciones de \u00abGeneraci\u00f3n\u00bb y \u00abEstudiante Activo\u00bb que resultaron aprobadas por dicho Cuerpo.<\/p>\n<p><strong>GTIIP \u2013 Grupo de Trabajo de Indicadores de Investigaci\u00f3n y Posgrado<\/strong><\/p>\n<p>El proyecto Sistema de Indicadores para la Evaluaci\u00f3n Universitaria (SIEU) culmin\u00f3 su primera etapa con el documento\u00a0<a href=\"https:\/\/planeamiento.udelar.edu.uy\/wp-content\/uploads\/sites\/33\/2015\/07\/Sistema-de-Indicadores-de-Ense%C3%B1anza-de-Grado_Diciembre-2016.pdf\">Indicadores de Ense\u00f1anza de Grado \u2013 Diciembre 2016 del Grupo SIEn<\/a>. En mayo de 2017 comenz\u00f3 una segunda etapa para la cual se constituy\u00f3 el Grupo de Trabajo de Indicadores de Investigaci\u00f3n y Posgrado (GTIIP) cuyo objetivo es el an\u00e1lisis, jerarquizaci\u00f3n y validaci\u00f3n de los indicadores a incorporar en el sistema.<\/p>\n<p>El GTIIP est\u00e1 integrado por representantes de las \u00c1reas, de la Comisi\u00f3n Sectorial de Investigaci\u00f3n Cient\u00edfica (CSIC), de la Comisi\u00f3n Acad\u00e9mica de Posgrado (CAP), del Espacio Interdisciplinario (EI) y de la Direcci\u00f3n General de Planeamiento (DGPlan).<\/p>\n<p><strong>\u00a0Grupo SINGE\u2013 Sistema de Indicadores de Gesti\u00f3n<\/strong><\/p>\n<p>En julio de 2020 se constituy\u00f3 el Grupo de Trabajo \u201cSistema de Indicadores de Gesti\u00f3n\u201d (SINGE), cuyo cometido es el an\u00e1lisis, jerarquizaci\u00f3n y validaci\u00f3n de los indicadores de gesti\u00f3n a incorporar en el sistema de indicadores. El SINGE est\u00e1 integrado por representantes de Rectorado, de las \u00c1reas, de Prorrectorado de Gesti\u00f3n (PRG), de la Direcci\u00f3n General de Administraci\u00f3n Financiera (DGAF), de la Comisi\u00f3n de Evaluaci\u00f3n Interna y Acreditaci\u00f3n (CEIyA), de la Direcci\u00f3n General de Personal (DGP), de la Direcci\u00f3n General de Auditor\u00eda Interna, de la Direcci\u00f3n General de Arquitectura (DGA), del Plan de Obras de Mediano y Largo Plazo (POMLP), del Instituto de Capacitaci\u00f3n y Formaci\u00f3n (ICF), del Servicio Central de Inclusi\u00f3n y Bienestar Universitario (SCIBU) y de la Direcci\u00f3n General de Planeamiento (DGPlan).<\/p>\n<p><strong>Grupo GTIEVI \u2013 Grupo de Trabajo de Indicadores de Extensi\u00f3n, Vinculaci\u00f3n e Internacionalizaci\u00f3n <\/strong><\/p>\n<p>En el a\u00f1o 2020 se \u00a0conforma el Grupo de Trabajo de Indicadores de Extensi\u00f3n, Vinculaci\u00f3n e Internacionalizaci\u00f3n (GTIEVI, cuyo cometido es el an\u00e1lisis, jerarquizaci\u00f3n y validaci\u00f3n de los indicadores a incorporar en el sistema.<\/p>\n<p>El GTIEVI est\u00e1 integrado por representantes de las \u00c1reas, Rectorado, Prorrectorado de Extensi\u00f3n, Comisi\u00f3n Coordinadora del Interior, Programa Integral Metropolitano, Programa APEX, Servicio Central de Inclusi\u00f3n y Bienestar Universitario, Servicio de Relaciones Internacionales, Comisi\u00f3n de Evaluaci\u00f3n Interna y Acreditaci\u00f3n y Direcci\u00f3n General de Planeamiento.<\/p>\n<p>A continuaci\u00f3n se deja disponible:<\/p>\n<ul>\n<li><a href=\"http:\/\/planeamiento.udelar.edu.uy\/wp-content\/uploads\/sites\/33\/2015\/07\/1.Proyecto-SIEU-presentado-11-07-12.pdf\">Redacci\u00f3n inicial del proyecto SIEU<\/a><\/li>\n<li><a href=\"http:\/\/planeamiento.udelar.edu.uy\/wp-content\/uploads\/sites\/33\/2015\/07\/2.Presentaci\u00f3n-del-SIEU.pdf\">Presentaci\u00f3n del SIEU<\/a><\/li>\n<li><a href=\"http:\/\/planeamiento.udelar.edu.uy\/wp-content\/uploads\/sites\/33\/2015\/07\/3.-Proyecto-SIEU-Avances-a-Diciembre-2013.pdf\">Informe de avance presentado a la CPP en diciembre de 2013<\/a><\/li>\n<li><a href=\"http:\/\/planeamiento.udelar.edu.uy\/wp-content\/uploads\/sites\/33\/2015\/07\/4.-Clasificaci\u00f3n-indicadores-SIEU.pdf\">Clasificaci\u00f3n de los indicadores de acuerdo a la estructura dise\u00f1ada para dicho sistema<\/a><\/li>\n<li><a href=\"http:\/\/planeamiento.udelar.edu.uy\/wp-content\/uploads\/sites\/33\/2015\/07\/5.-Tablero-de-Gesti\u00f3n-16-12-2013.pdf\">Proyecto de Tablero de Gesti\u00f3n Data Warehousing asociado al SIEU<\/a><\/li>\n<li><a href=\"http:\/\/planeamiento.udelar.edu.uy\/wp-content\/uploads\/sites\/33\/2015\/07\/6.-Definiciones-aprobadas-por-el-CDC.pdf\">Definiciones elaboradas por el grupo SIEn y aprobadas por el CDC<\/a><\/li>\n<li><a href=\"http:\/\/planeamiento.udelar.edu.uy\/wp-content\/uploads\/sites\/33\/2015\/07\/Sistema-de-Indicadores-de-Ense\u00f1anza-de-Grado_Diciembre-2016.pdf\">Indicadores de Ense\u00f1anza de Grado\u00a0&#8211; Diciembre 2016 &#8211; Grupo SIEn<\/a><\/li>\n<li><a href=\"http:\/\/planeamiento.udelar.edu.uy\/wp-content\/uploads\/sites\/33\/2015\/07\/Presentaci\u00f3n-Indicadores-de-Ense\u00f1anza-de-Grado_CDC-20.12.2016.pdf\">Presentaci\u00f3n Indicadores de Ense\u00f1anza de Grado &#8211; CDC 20.12.2016 &#8211; Grupo SIEn<\/a><\/li>\n<li><a href=\"https:\/\/planeamiento.udelar.edu.uy\/wp-content\/uploads\/sites\/33\/2020\/12\/1.Documento-SIEU-Indicadores-de-Investigaci\u00f3n-y-Posgrado_Diciembre-2020.pdf\">Indicadores de Investigaci\u00f3n y Posgrado &#8211; Grupo GTIIP<\/a><\/li>\n<li><a href=\"https:\/\/planeamiento.udelar.edu.uy\/wp-content\/uploads\/sites\/33\/2020\/12\/GTIIP_Algunos-resultados.pdf\">Algunos resultados &#8211; Indicadores de Investigaci\u00f3n y Posgrado &#8211; Grupo GTIIP<\/a><\/li>\n<li><a href=\"https:\/\/planeamiento.udelar.edu.uy\/wp-content\/uploads\/sites\/33\/2021\/03\/Presentacion-GTIIP_CDC_08-dic_2020.pdf\">Presentaci\u00f3n Indicadores de Investigaci\u00f3n y Posgrado \u2013 CDC 08.12.20 \u2013 GTIIP<\/a><\/li>\n<li><a href=\"https:\/\/planeamiento.udelar.edu.uy\/portal\/wp-content\/uploads\/sites\/33\/2024\/12\/Indicadores-SINGE_dic22-R.pdf\">Indicadores SINGE-Dic 22 R<\/a><\/li>\n<li><a href=\"https:\/\/planeamiento.udelar.edu.uy\/wp-content\/uploads\/sites\/33\/2023\/11\/Indicadores-GTIEVI-Dic.22-1.pdf\">Indicadores-GTIEVI-Dic.22<\/a><\/li>\n<li><a href=\"https:\/\/planeamiento.udelar.edu.uy\/wp-content\/uploads\/sites\/33\/2023\/05\/Presentacion-GTIEVI-SINGE_CDC_14.03.2023.pdf\">Presentaci\u00f3n GTIEVI-SINGE_CDC_14.03.2023<\/a><\/li>\n<\/ul>\n\n","protected":false},"excerpt":{"rendered":"<p>En el marco del Plan de Metas 2012 \u2013 2014 la Direcci\u00f3n General de Planeamiento presenta a la Comisi\u00f3n Program\u00e1tica Presupuestal (CPP) la necesidad de impulsar la creaci\u00f3n de un &hellip;<\/p>\n","protected":false},"author":1,"featured_media":0,"parent":3569,"menu_order":0,"comment_status":"closed","ping_status":"open","template":"","meta":{"footnotes":""},"class_list":["post-4385","page","type-page","status-publish","hentry"],"jetpack_sharing_enabled":true,"_links":{"self":[{"href":"https:\/\/planeamiento.udelar.edu.uy\/portal\/wp-json\/wp\/v2\/pages\/4385","targetHints":{"allow":["GET"]}}],"collection":[{"href":"https:\/\/planeamiento.udelar.edu.uy\/portal\/wp-json\/wp\/v2\/pages"}],"about":[{"href":"https:\/\/planeamiento.udelar.edu.uy\/portal\/wp-json\/wp\/v2\/types\/page"}],"author":[{"embeddable":true,"href":"https:\/\/planeamiento.udelar.edu.uy\/portal\/wp-json\/wp\/v2\/users\/1"}],"replies":[{"embeddable":true,"href":"https:\/\/planeamiento.udelar.edu.uy\/portal\/wp-json\/wp\/v2\/comments?post=4385"}],"version-history":[{"count":16,"href":"https:\/\/planeamiento.udelar.edu.uy\/portal\/wp-json\/wp\/v2\/pages\/4385\/revisions"}],"predecessor-version":[{"id":22227,"href":"https:\/\/planeamiento.udelar.edu.uy\/portal\/wp-json\/wp\/v2\/pages\/4385\/revisions\/22227"}],"up":[{"embeddable":true,"href":"https:\/\/planeamiento.udelar.edu.uy\/portal\/wp-json\/wp\/v2\/pages\/3569"}],"wp:attachment":[{"href":"https:\/\/planeamiento.udelar.edu.uy\/portal\/wp-json\/wp\/v2\/media?parent=4385"}],"curies":[{"name":"wp","href":"https:\/\/api.w.org\/{rel}","templated":true}]}}