{"id":7932,"date":"2017-12-21T11:35:19","date_gmt":"2017-12-21T14:35:19","guid":{"rendered":"http:\/\/gestion.udelar.edu.uy\/planeamientodesarrollo2019\/?page_id=7932"},"modified":"2024-11-26T14:36:52","modified_gmt":"2024-11-26T17:36:52","slug":"informes-de-estudiantes","status":"publish","type":"page","link":"https:\/\/planeamiento.udelar.edu.uy\/portal\/publicaciones\/informes-de-estudiantes\/","title":{"rendered":"Informes de Estudiantes"},"content":{"rendered":"<p>En esta secci\u00f3n encontrar\u00e1 distintos informes elaborados por la Direcci\u00f3n General de Planeamiento relacionados a Estudiantes de Grado y Posgrado.<\/p>\n<div class=\"osc-res-tab tabbable   osc-tabs-left\"><div style=\"clear:both;width: 100%;\"><ul class=\"nav osc-res-nav nav-tabs osc-tabs-left-ul\" id=\"oscitas-restabs-1-informes-de-estudiantes-48250\"><li class=\"active\"><a href=\"#ert_pane1-0\" data-toggle=\"tab\"><strong>Grado<\/strong><\/a><\/li><li class=\"\"><a href=\"#ert_pane1-1\" data-toggle=\"tab\"><strong>Posgrado<\/strong><\/a><\/li><\/ul><\/div><div style=\"clear:both;width: 100%;\"><ul class=\"tab-content\" id=\"oscitas-restabcontent-1-informes-de-estudiantes-48250\"><li class=\"tab-pane active\" id=\"ert_pane1-0\"><br \/>\n\n<!-- NOTE: If you need to make changes to this file, copy it to your current theme's main\n\tdirectory so your changes won't be overwritten when the plugin is upgraded. -->\n\n<!-- Post Wrap Start-->\n<div class=\"post hentry ivycat-post\">\n\n    <!-- \tThis outputs the post TITLE -->\n    <h2 class=\"titulo1\"><a href=\"https:\/\/planeamiento.udelar.edu.uy\/portal\/publicacion_generica\/informe-del-relevamiento-continuo-de-estudiantes-de-grado-de-la-udelar-ano-2018\/\">Informe del Relevamiento Continuo de Estudiantes de grado de la Udelar A\u00f1o 2018:<\/a><\/h2>\n\t<div class=\"tapa\">\n\t\t<a href=\"https:\/\/planeamiento.udelar.edu.uy\/portal\/publicacion_generica\/informe-del-relevamiento-continuo-de-estudiantes-de-grado-de-la-udelar-ano-2018\/\">\n\t\t\t<img loading=\"lazy\" decoding=\"async\" width=\"106\" height=\"150\" src=\"https:\/\/planeamiento.udelar.edu.uy\/portal\/wp-content\/uploads\/sites\/33\/2024\/11\/Informe-Relevamiento-Continuo-2018-212x300-1.png\" class=\"attachment-180x150 size-180x150 wp-post-image\" alt=\"\" srcset=\"https:\/\/planeamiento.udelar.edu.uy\/portal\/wp-content\/uploads\/sites\/33\/2024\/11\/Informe-Relevamiento-Continuo-2018-212x300-1.png 212w, https:\/\/planeamiento.udelar.edu.uy\/portal\/wp-content\/uploads\/sites\/33\/2024\/11\/Informe-Relevamiento-Continuo-2018-212x300-1-141x200.png 141w\" sizes=\"auto, (max-width: 106px) 100vw, 106px\" \/>\t\t<\/a>\n\t<\/div>\n\n    <!-- \tThis outputs the post EXCERPT.  To display full content including images and html,\n\t\treplace the_excerpt(); with the_content();  below. -->\n    <div class=\"entry-summary\">\n\t\t\t\t\n    <\/div>\n\t<hr>\n\t<br>\n    <!--\tThis outputs the post META information -->\n\t<\/div>\n<!-- \/\/ Post Wrap End -->\n\n<!-- NOTE: If you need to make changes to this file, copy it to your current theme's main\n\tdirectory so your changes won't be overwritten when the plugin is upgraded. -->\n\n<!-- Post Wrap Start-->\n<div class=\"post hentry ivycat-post\">\n\n    <!-- \tThis outputs the post TITLE -->\n    <h2 class=\"titulo1\"><a href=\"https:\/\/planeamiento.udelar.edu.uy\/portal\/publicacion_generica\/perfil-de-egreso-de-los-estudiantes-universitarios-de-grado-ano-2016\/\">Perfil de egreso de los estudiantes universitarios de grado &#8211; A\u00f1o 2016<\/a><\/h2>\n\t<div class=\"tapa\">\n\t\t<a href=\"https:\/\/planeamiento.udelar.edu.uy\/portal\/publicacion_generica\/perfil-de-egreso-de-los-estudiantes-universitarios-de-grado-ano-2016\/\">\n\t\t\t<img loading=\"lazy\" decoding=\"async\" width=\"106\" height=\"150\" src=\"https:\/\/planeamiento.udelar.edu.uy\/portal\/wp-content\/uploads\/sites\/33\/2018\/12\/Perfil-de-egreso-de-los-estudiantes-universitarios-de-grado-A\u00f1o-2016-1.png\" class=\"attachment-180x150 size-180x150 wp-post-image\" alt=\"\" srcset=\"https:\/\/planeamiento.udelar.edu.uy\/portal\/wp-content\/uploads\/sites\/33\/2018\/12\/Perfil-de-egreso-de-los-estudiantes-universitarios-de-grado-A\u00f1o-2016-1.png 353w, https:\/\/planeamiento.udelar.edu.uy\/portal\/wp-content\/uploads\/sites\/33\/2018\/12\/Perfil-de-egreso-de-los-estudiantes-universitarios-de-grado-A\u00f1o-2016-1-212x300.png 212w, https:\/\/planeamiento.udelar.edu.uy\/portal\/wp-content\/uploads\/sites\/33\/2018\/12\/Perfil-de-egreso-de-los-estudiantes-universitarios-de-grado-A\u00f1o-2016-1-141x200.png 141w\" sizes=\"auto, (max-width: 106px) 100vw, 106px\" \/>\t\t<\/a>\n\t<\/div>\n\n    <!-- \tThis outputs the post EXCERPT.  To display full content including images and html,\n\t\treplace the_excerpt(); with the_content();  below. -->\n    <div class=\"entry-summary\">\n\t\t<p>El presente documento tiene como objetivo describir las principales caracter\u00edsticas de los estudiantes que egresaron de la Udelar en el a\u00f1o 2016.<\/p>\n\t\t\n    <\/div>\n\t<hr>\n\t<br>\n    <!--\tThis outputs the post META information -->\n\t<\/div>\n<!-- \/\/ Post Wrap End -->\n\n<!-- NOTE: If you need to make changes to this file, copy it to your current theme's main\n\tdirectory so your changes won't be overwritten when the plugin is upgraded. -->\n\n<!-- Post Wrap Start-->\n<div class=\"post hentry ivycat-post\">\n\n    <!-- \tThis outputs the post TITLE -->\n    <h2 class=\"titulo1\"><a href=\"https:\/\/planeamiento.udelar.edu.uy\/portal\/publicacion_generica\/perfil-de-ingreso-de-los-estudiantes-universitarios-de-grado-generacion-a-servicio-2016\/\">Perfil de ingreso de los estudiantes universitarios de grado &#8211; Generaci\u00f3n a Servicio 2016<\/a><\/h2>\n\t<div class=\"tapa\">\n\t\t<a href=\"https:\/\/planeamiento.udelar.edu.uy\/portal\/publicacion_generica\/perfil-de-ingreso-de-los-estudiantes-universitarios-de-grado-generacion-a-servicio-2016\/\">\n\t\t\t<img loading=\"lazy\" decoding=\"async\" width=\"106\" height=\"150\" src=\"https:\/\/planeamiento.udelar.edu.uy\/portal\/wp-content\/uploads\/sites\/33\/2018\/08\/Informe-perfil-de-Ingresos_2016_30_06_2018_final-miniatura.png\" class=\"attachment-180x150 size-180x150 wp-post-image\" alt=\"\" srcset=\"https:\/\/planeamiento.udelar.edu.uy\/portal\/wp-content\/uploads\/sites\/33\/2018\/08\/Informe-perfil-de-Ingresos_2016_30_06_2018_final-miniatura.png 212w, https:\/\/planeamiento.udelar.edu.uy\/portal\/wp-content\/uploads\/sites\/33\/2018\/08\/Informe-perfil-de-Ingresos_2016_30_06_2018_final-miniatura-141x200.png 141w\" sizes=\"auto, (max-width: 106px) 100vw, 106px\" \/>\t\t<\/a>\n\t<\/div>\n\n    <!-- \tThis outputs the post EXCERPT.  To display full content including images and html,\n\t\treplace the_excerpt(); with the_content();  below. -->\n    <div class=\"entry-summary\">\n\t\t<p>Este documento tiene como objetivo general presentar las principales caracter\u00edsticas de los estudiantes que ingresaron por primera vez a una Facultad, Escuela o Instituto de la Universidad de la Rep\u00fablica en el a\u00f1o 2016. La informaci\u00f3n se encuentra organizada en funci\u00f3n de los siguientes m\u00f3dulos tem\u00e1ticos: i) edad y sexo, ii) flujos migratorios, iii) tenencia de hijos, estado civil y conformaci\u00f3n del hogar, iv) trabajo, v) clima educativo de origen y vi) trayectoria educativa.<\/p>\n\t\t\n    <\/div>\n\t<hr>\n\t<br>\n    <!--\tThis outputs the post META information -->\n\t<\/div>\n<!-- \/\/ Post Wrap End -->\n\n<!-- NOTE: If you need to make changes to this file, copy it to your current theme's main\n\tdirectory so your changes won't be overwritten when the plugin is upgraded. -->\n\n<!-- Post Wrap Start-->\n<div class=\"post hentry ivycat-post\">\n\n    <!-- \tThis outputs the post TITLE -->\n    <h2 class=\"titulo1\"><a href=\"https:\/\/planeamiento.udelar.edu.uy\/portal\/publicacion_generica\/perfil-de-ingreso-de-los-estudiantes-universitarios-de-grado-generacion-a-servicio-2015\/\">Perfil de ingreso de los estudiantes universitarios de grado &#8211; Generaci\u00f3n a Servicio 2015<\/a><\/h2>\n\t<div class=\"tapa\">\n\t\t<a href=\"https:\/\/planeamiento.udelar.edu.uy\/portal\/publicacion_generica\/perfil-de-ingreso-de-los-estudiantes-universitarios-de-grado-generacion-a-servicio-2015\/\">\n\t\t\t<img loading=\"lazy\" decoding=\"async\" width=\"106\" height=\"150\" src=\"https:\/\/planeamiento.udelar.edu.uy\/portal\/wp-content\/uploads\/sites\/33\/2017\/11\/Perfil-de-ingreso-de-grado-2015-1.png\" class=\"attachment-180x150 size-180x150 wp-post-image\" alt=\"\" srcset=\"https:\/\/planeamiento.udelar.edu.uy\/portal\/wp-content\/uploads\/sites\/33\/2017\/11\/Perfil-de-ingreso-de-grado-2015-1.png 353w, https:\/\/planeamiento.udelar.edu.uy\/portal\/wp-content\/uploads\/sites\/33\/2017\/11\/Perfil-de-ingreso-de-grado-2015-1-212x300.png 212w, https:\/\/planeamiento.udelar.edu.uy\/portal\/wp-content\/uploads\/sites\/33\/2017\/11\/Perfil-de-ingreso-de-grado-2015-1-141x200.png 141w\" sizes=\"auto, (max-width: 106px) 100vw, 106px\" \/>\t\t<\/a>\n\t<\/div>\n\n    <!-- \tThis outputs the post EXCERPT.  To display full content including images and html,\n\t\treplace the_excerpt(); with the_content();  below. -->\n    <div class=\"entry-summary\">\n\t\t<p>Este documento tiene como objetivo general presentar las principales caracter\u00edsticas de los estudiantes que ingresaron por primera vez a una Facultad, Escuela o Instituto de la Universidad de la Rep\u00fablica en el a\u00f1o 2015. La informaci\u00f3n se encuentra organizada en funci\u00f3n de los siguientes m\u00f3dulos tem\u00e1ticos: i) edad y sexo, ii) flujos migratorios, iii) tenencia de hijos, estado civil y conformaci\u00f3n del hogar, iv) trabajo, v) clima educativo de origen y vi) trayectoria educativa.<\/p>\n\t\t\n    <\/div>\n\t<hr>\n\t<br>\n    <!--\tThis outputs the post META information -->\n\t<\/div>\n<!-- \/\/ Post Wrap End -->\n\n<!-- NOTE: If you need to make changes to this file, copy it to your current theme's main\n\tdirectory so your changes won't be overwritten when the plugin is upgraded. -->\n\n<!-- Post Wrap Start-->\n<div class=\"post hentry ivycat-post\">\n\n    <!-- \tThis outputs the post TITLE -->\n    <h2 class=\"titulo1\"><a href=\"https:\/\/planeamiento.udelar.edu.uy\/portal\/publicacion_generica\/desafiliacion-en-la-udelar-2007-2012-trayectorias-y-perfiles\/\">Desafiliaci\u00f3n en la UdelaR 2007-2012: trayectorias y perfiles<\/a><\/h2>\n\t<div class=\"tapa\">\n\t\t<a href=\"https:\/\/planeamiento.udelar.edu.uy\/portal\/publicacion_generica\/desafiliacion-en-la-udelar-2007-2012-trayectorias-y-perfiles\/\">\n\t\t\t<img loading=\"lazy\" decoding=\"async\" width=\"112\" height=\"150\" src=\"https:\/\/planeamiento.udelar.edu.uy\/portal\/wp-content\/uploads\/sites\/33\/2015\/10\/Desafiliaci\u00f3n-en-la-UdelaR-2007-2012-Imagen.png\" class=\"attachment-180x150 size-180x150 wp-post-image\" alt=\"\" srcset=\"https:\/\/planeamiento.udelar.edu.uy\/portal\/wp-content\/uploads\/sites\/33\/2015\/10\/Desafiliaci\u00f3n-en-la-UdelaR-2007-2012-Imagen.png 223w, https:\/\/planeamiento.udelar.edu.uy\/portal\/wp-content\/uploads\/sites\/33\/2015\/10\/Desafiliaci\u00f3n-en-la-UdelaR-2007-2012-Imagen-149x200.png 149w\" sizes=\"auto, (max-width: 112px) 100vw, 112px\" \/>\t\t<\/a>\n\t<\/div>\n\n    <!-- \tThis outputs the post EXCERPT.  To display full content including images and html,\n\t\treplace the_excerpt(); with the_content();  below. -->\n    <div class=\"entry-summary\">\n\t\t<p>La desafiliaci\u00f3n estudiantil es considerada como uno de los factores que m\u00e1s inciden en la accesibilidad y cobertura de la educaci\u00f3n, por lo que su medici\u00f3n y estudio debe ser parte de los continuos procesos de evaluaci\u00f3n de la eficiencia del sistema educativo y de la calidad de los procesos y programas que ofrecen las instituciones educativas. En este trabajo se estima la incidencia de la desafiliaci\u00f3n y se identifican las trayectorias acad\u00e9micas de los estudiantes. A su vez, se analiza cu\u00e1les son las caracter\u00edsticas individuales, acad\u00e9micas e institucionales que m\u00e1s se relacionan con el riesgo de este evento.<\/p>\n\t\t\n    <\/div>\n\t<hr>\n\t<br>\n    <!--\tThis outputs the post META information -->\n\t<\/div>\n<!-- \/\/ Post Wrap End -->\n\n<!-- NOTE: If you need to make changes to this file, copy it to your current theme's main\n\tdirectory so your changes won't be overwritten when the plugin is upgraded. -->\n\n<!-- Post Wrap Start-->\n<div class=\"post hentry ivycat-post\">\n\n    <!-- \tThis outputs the post TITLE -->\n    <h2 class=\"titulo1\"><a href=\"https:\/\/planeamiento.udelar.edu.uy\/portal\/publicacion_generica\/caracteristicas-de-los-estudiantes-que-ingresaron-a-la-udelar-en-el-ano-2011\/\">Caracter\u00edsticas de los estudiantes que ingresaron a la Udelar en el a\u00f1o 2011<\/a><\/h2>\n\t<div class=\"tapa\">\n\t\t<a href=\"https:\/\/planeamiento.udelar.edu.uy\/portal\/publicacion_generica\/caracteristicas-de-los-estudiantes-que-ingresaron-a-la-udelar-en-el-ano-2011\/\">\n\t\t\t<img loading=\"lazy\" decoding=\"async\" width=\"110\" height=\"150\" src=\"https:\/\/planeamiento.udelar.edu.uy\/portal\/wp-content\/uploads\/sites\/33\/2013\/12\/CaracteristicasEstudiantes2011.png\" class=\"attachment-180x150 size-180x150 wp-post-image\" alt=\"\" srcset=\"https:\/\/planeamiento.udelar.edu.uy\/portal\/wp-content\/uploads\/sites\/33\/2013\/12\/CaracteristicasEstudiantes2011.png 532w, https:\/\/planeamiento.udelar.edu.uy\/portal\/wp-content\/uploads\/sites\/33\/2013\/12\/CaracteristicasEstudiantes2011-220x300.png 220w, https:\/\/planeamiento.udelar.edu.uy\/portal\/wp-content\/uploads\/sites\/33\/2013\/12\/CaracteristicasEstudiantes2011-147x200.png 147w\" sizes=\"auto, (max-width: 110px) 100vw, 110px\" \/>\t\t<\/a>\n\t<\/div>\n\n    <!-- \tThis outputs the post EXCERPT.  To display full content including images and html,\n\t\treplace the_excerpt(); with the_content();  below. -->\n    <div class=\"entry-summary\">\n\t\t<p>El informe pretende mostrar las caracter\u00edsticas sociodemogr\u00e1ficas de los estudiantes que ingresaron a la Udelar en el a\u00f1o 2011, como el sexo, la edad, la regi\u00f3n de donde provienen, y las carreras en las que se inscriben, as\u00ed como indicar los cambios y tendencias de los ingresos de estudiantes a la Udelar en el per\u00edodo 2000- 2011.<\/p>\n\t\t\n    <\/div>\n\t<hr>\n\t<br>\n    <!--\tThis outputs the post META information -->\n\t<\/div>\n<!-- \/\/ Post Wrap End -->\n<\/li><li class=\"tab-pane \" id=\"ert_pane1-1\"><br \/>\n\n<!-- NOTE: If you need to make changes to this file, copy it to your current theme's main\n\tdirectory so your changes won't be overwritten when the plugin is upgraded. -->\n\n<!-- Post Wrap Start-->\n<div class=\"post hentry ivycat-post\">\n\n    <!-- \tThis outputs the post TITLE -->\n    <h2 class=\"titulo1\"><a href=\"https:\/\/planeamiento.udelar.edu.uy\/portal\/publicacion_generica\/perfil-de-ingreso-de-los-estudiantes-universitarios-de-posgrado-generacion-2015\/\">Perfil de ingreso de los estudiantes universitarios de posgrado &#8211; Generaci\u00f3n 2015<\/a><\/h2>\n\t<div class=\"tapa\">\n\t\t<a href=\"https:\/\/planeamiento.udelar.edu.uy\/portal\/publicacion_generica\/perfil-de-ingreso-de-los-estudiantes-universitarios-de-posgrado-generacion-2015\/\">\n\t\t\t<img loading=\"lazy\" decoding=\"async\" width=\"106\" height=\"150\" src=\"https:\/\/planeamiento.udelar.edu.uy\/portal\/wp-content\/uploads\/sites\/33\/2018\/01\/Perfil-de-ingreso-de-los-estudiantes-universitarios-de-posgrado-miniatura.png\" class=\"attachment-180x150 size-180x150 wp-post-image\" alt=\"\" srcset=\"https:\/\/planeamiento.udelar.edu.uy\/portal\/wp-content\/uploads\/sites\/33\/2018\/01\/Perfil-de-ingreso-de-los-estudiantes-universitarios-de-posgrado-miniatura.png 211w, https:\/\/planeamiento.udelar.edu.uy\/portal\/wp-content\/uploads\/sites\/33\/2018\/01\/Perfil-de-ingreso-de-los-estudiantes-universitarios-de-posgrado-miniatura-141x200.png 141w\" sizes=\"auto, (max-width: 106px) 100vw, 106px\" \/>\t\t<\/a>\n\t<\/div>\n\n    <!-- \tThis outputs the post EXCERPT.  To display full content including images and html,\n\t\treplace the_excerpt(); with the_content();  below. -->\n    <div class=\"entry-summary\">\n\t\t<p>El presente documento analiza los datos provenientes de dos fuentes de informaci\u00f3n: por un lado, la informaci\u00f3n que reporta el Sistema de Gesti\u00f3n Administrativa de la Ense\u00f1anza (SGAE) y las bedel\u00edas de los Servicios Universitarios referida a los ingresos de estudiantes de posgrado de la Udelar, y por otro lado, los datos obtenidos del Formulario Estad\u00edstico de Ingreso de posgrado.<\/p>\n\t\t\n    <\/div>\n\t<hr>\n\t<br>\n    <!--\tThis outputs the post META information -->\n\t<\/div>\n<!-- \/\/ Post Wrap End -->\n\n<!-- NOTE: If you need to make changes to this file, copy it to your current theme's main\n\tdirectory so your changes won't be overwritten when the plugin is upgraded. -->\n\n<!-- Post Wrap Start-->\n<div class=\"post hentry ivycat-post\">\n\n    <!-- \tThis outputs the post TITLE -->\n    <h2 class=\"titulo1\"><a href=\"https:\/\/planeamiento.udelar.edu.uy\/portal\/publicacion_generica\/perfil-de-egreso-de-los-estudiantes-universitarios-de-posgrado-generacion-2015\/\">Perfil de egreso de los estudiantes universitarios de posgrado &#8211; Generaci\u00f3n 2015<\/a><\/h2>\n\t<div class=\"tapa\">\n\t\t<a href=\"https:\/\/planeamiento.udelar.edu.uy\/portal\/publicacion_generica\/perfil-de-egreso-de-los-estudiantes-universitarios-de-posgrado-generacion-2015\/\">\n\t\t\t<img loading=\"lazy\" decoding=\"async\" width=\"106\" height=\"150\" src=\"https:\/\/planeamiento.udelar.edu.uy\/portal\/wp-content\/uploads\/sites\/33\/2018\/01\/Perfil-de-egreso-de-los-estudiantes-universitarios-de-posgrado-G-miniatura.png\" class=\"attachment-180x150 size-180x150 wp-post-image\" alt=\"\" srcset=\"https:\/\/planeamiento.udelar.edu.uy\/portal\/wp-content\/uploads\/sites\/33\/2018\/01\/Perfil-de-egreso-de-los-estudiantes-universitarios-de-posgrado-G-miniatura.png 212w, https:\/\/planeamiento.udelar.edu.uy\/portal\/wp-content\/uploads\/sites\/33\/2018\/01\/Perfil-de-egreso-de-los-estudiantes-universitarios-de-posgrado-G-miniatura-141x200.png 141w\" sizes=\"auto, (max-width: 106px) 100vw, 106px\" \/>\t\t<\/a>\n\t<\/div>\n\n    <!-- \tThis outputs the post EXCERPT.  To display full content including images and html,\n\t\treplace the_excerpt(); with the_content();  below. -->\n    <div class=\"entry-summary\">\n\t\t<p>El objetivo de este informe es realizar una primera aproximaci\u00f3n descriptiva de la poblaci\u00f3n de egresados universitarios de posgrado.<\/p>\n\t\t\n    <\/div>\n\t<hr>\n\t<br>\n    <!--\tThis outputs the post META information -->\n\t<\/div>\n<!-- \/\/ Post Wrap End -->\n<br \/><\/li><\/ul><\/div><\/div>\n","protected":false},"excerpt":{"rendered":"<p>En esta secci\u00f3n encontrar\u00e1 distintos informes elaborados por la Direcci\u00f3n General de Planeamiento relacionados a Estudiantes de Grado y Posgrado.<\/p>\n","protected":false},"author":43,"featured_media":0,"parent":10184,"menu_order":0,"comment_status":"closed","ping_status":"closed","template":"","meta":{"footnotes":""},"class_list":["post-7932","page","type-page","status-publish","hentry"],"jetpack_sharing_enabled":true,"_links":{"self":[{"href":"https:\/\/planeamiento.udelar.edu.uy\/portal\/wp-json\/wp\/v2\/pages\/7932","targetHints":{"allow":["GET"]}}],"collection":[{"href":"https:\/\/planeamiento.udelar.edu.uy\/portal\/wp-json\/wp\/v2\/pages"}],"about":[{"href":"https:\/\/planeamiento.udelar.edu.uy\/portal\/wp-json\/wp\/v2\/types\/page"}],"author":[{"embeddable":true,"href":"https:\/\/planeamiento.udelar.edu.uy\/portal\/wp-json\/wp\/v2\/users\/43"}],"replies":[{"embeddable":true,"href":"https:\/\/planeamiento.udelar.edu.uy\/portal\/wp-json\/wp\/v2\/comments?post=7932"}],"version-history":[{"count":6,"href":"https:\/\/planeamiento.udelar.edu.uy\/portal\/wp-json\/wp\/v2\/pages\/7932\/revisions"}],"predecessor-version":[{"id":22152,"href":"https:\/\/planeamiento.udelar.edu.uy\/portal\/wp-json\/wp\/v2\/pages\/7932\/revisions\/22152"}],"up":[{"embeddable":true,"href":"https:\/\/planeamiento.udelar.edu.uy\/portal\/wp-json\/wp\/v2\/pages\/10184"}],"wp:attachment":[{"href":"https:\/\/planeamiento.udelar.edu.uy\/portal\/wp-json\/wp\/v2\/media?parent=7932"}],"curies":[{"name":"wp","href":"https:\/\/api.w.org\/{rel}","templated":true}]}}