{"id":9720,"date":"2018-11-19T12:09:41","date_gmt":"2018-11-19T15:09:41","guid":{"rendered":"http:\/\/gestion.udelar.edu.uy\/planeamientodesarrollo2019desarrollo2019\/?page_id=9720"},"modified":"2025-02-11T13:42:48","modified_gmt":"2025-02-11T16:42:48","slug":"home","status":"publish","type":"page","link":"https:\/\/planeamiento.udelar.edu.uy\/portal\/","title":{"rendered":"Direcci\u00f3n General de Planeamiento de la Universidad de la Rep\u00fablica"},"content":{"rendered":"<p>El objetivo es acercar a los diferentes actores de la instituci\u00f3n y de la sociedad informaci\u00f3n que socializa y democratiza el quehacer universitario.<\/p>\n<table>\n<tbody>\n<tr>\n<td style=\"text-align: center;\"><a href=\"https:\/\/planeamiento.udelar.edu.uy\/portal\/estudiantes\/\"><img loading=\"lazy\" decoding=\"async\" class=\"alignnone wp-image-10206 size-full\" src=\"https:\/\/planeamiento.udelar.edu.uy\/wp-content\/uploads\/sites\/33\/2019\/01\/Estudiantes.png\" alt=\"\" width=\"277\" height=\"126\" \/><\/a><\/td>\n<td style=\"text-align: center;\"><a href=\"https:\/\/planeamiento.udelar.edu.uy\/portal\/egresados\/\"><img loading=\"lazy\" decoding=\"async\" class=\"alignnone wp-image-10209 size-full\" src=\"https:\/\/planeamiento.udelar.edu.uy\/wp-content\/uploads\/sites\/33\/2019\/01\/Egresados.png\" alt=\"\" width=\"277\" height=\"126\" \/><\/a><\/td>\n<td style=\"text-align: center;\"><a href=\"https:\/\/planeamiento.udelar.edu.uy\/portal\/funcionarios\/\"><img loading=\"lazy\" decoding=\"async\" class=\"alignnone wp-image-10315 size-full\" src=\"https:\/\/planeamiento.udelar.edu.uy\/portal\/wp-content\/uploads\/sites\/33\/2019\/02\/Funcionarios.png\" alt=\"\" width=\"277\" height=\"126\" \/><\/a><\/td>\n<td><a href=\"https:\/\/planeamiento.udelar.edu.uy\/portal\/presupuesto\/apertura-presupuestal-inicial\/\"><img loading=\"lazy\" decoding=\"async\" class=\"alignnone wp-image-10207 size-full\" src=\"https:\/\/planeamiento.udelar.edu.uy\/portal\/wp-content\/uploads\/sites\/33\/2019\/01\/Presupuesto.png\" alt=\"\" width=\"277\" height=\"126\" \/><\/a><\/td>\n<\/tr>\n<\/tbody>\n<\/table>\n<p>En caso de buscar informaci\u00f3n espec\u00edfica o tener inter\u00e9s en conocer las publicaciones disponibles, nuestra<span style=\"font-size: 12pt;\"> <a href=\"http:\/\/planeamiento.udelar.edu.uy\/guia-de-recursos-y-publicaciones-2020\/\"><b>GU\u00cdA DE RECURSOS Y PUBLICACIONES<\/b><\/a> <\/span>puede resultarle de utilidad.<\/p>\n<p>En <a href=\"http:\/\/planeamiento.udelar.edu.uy\/comunicados-dgplan\/\">Comunicados DGPlan<\/a> puede encontrar toda la informaci\u00f3n referente al funcionamiento de la Direcci\u00f3n General de Planeamiento mientras dure la emergencia sanitaria.<\/p>\n<p>Nuestras oficinas atienden vuestras solicitudes y consultas a trav\u00e9s de los correos institucionales: <a href=\"mailto:dgplan@udelar.edu.uy\">dgplan@udelar.edu.uy<\/a> y <a href=\"mailto:dvestad@udelar.edu.uy\">dvestad@udelar.edu.uy<\/a> de forma tal de dar respuesta de la manera m\u00e1s inmediata posible.<\/p>\n<table style=\"width: 100.358%; height: 220px;\">\n<tbody>\n<tr style=\"height: 168px;\">\n<td style=\"text-align: center; height: 168px; width: 34.9547%;\"><a href=\"https:\/\/planeamiento.udelar.edu.uy\/portal\/acceso-a-la-informacion\/\"><img loading=\"lazy\" decoding=\"async\" class=\"alignnone wp-image-19488\" src=\"https:\/\/planeamiento.udelar.edu.uy\/wp-content\/uploads\/sites\/33\/2023\/04\/Sin-titulo-300x129.png\" alt=\"\" width=\"257\" height=\"110\" srcset=\"https:\/\/planeamiento.udelar.edu.uy\/portal\/wp-content\/uploads\/sites\/33\/2023\/04\/Sin-titulo-300x129.png 300w, https:\/\/planeamiento.udelar.edu.uy\/portal\/wp-content\/uploads\/sites\/33\/2023\/04\/Sin-titulo-463x200.png 463w, https:\/\/planeamiento.udelar.edu.uy\/portal\/wp-content\/uploads\/sites\/33\/2023\/04\/Sin-titulo.png 563w\" sizes=\"auto, (max-width: 257px) 100vw, 257px\" \/><\/a><\/td>\n<td style=\"text-align: center; width: 29.6631%;\"><a href=\"https:\/\/planeamiento.udelar.edu.uy\/portal\/escuelas-de-verano-invierno\/\"><img loading=\"lazy\" decoding=\"async\" class=\"alignnone  wp-image-22512\" src=\"https:\/\/planeamiento.udelar.edu.uy\/portal\/wp-content\/uploads\/sites\/33\/2025\/02\/Escuela-Verano-Invierno-e1739291941800-300x145.png\" alt=\"\" width=\"216\" height=\"104\" srcset=\"https:\/\/planeamiento.udelar.edu.uy\/portal\/wp-content\/uploads\/sites\/33\/2025\/02\/Escuela-Verano-Invierno-e1739291941800-300x145.png 300w, https:\/\/planeamiento.udelar.edu.uy\/portal\/wp-content\/uploads\/sites\/33\/2025\/02\/Escuela-Verano-Invierno-e1739291941800-1024x494.png 1024w, https:\/\/planeamiento.udelar.edu.uy\/portal\/wp-content\/uploads\/sites\/33\/2025\/02\/Escuela-Verano-Invierno-e1739291941800-768x370.png 768w, https:\/\/planeamiento.udelar.edu.uy\/portal\/wp-content\/uploads\/sites\/33\/2025\/02\/Escuela-Verano-Invierno-e1739291941800-1536x741.png 1536w, https:\/\/planeamiento.udelar.edu.uy\/portal\/wp-content\/uploads\/sites\/33\/2025\/02\/Escuela-Verano-Invierno-e1739291941800-415x200.png 415w, https:\/\/planeamiento.udelar.edu.uy\/portal\/wp-content\/uploads\/sites\/33\/2025\/02\/Escuela-Verano-Invierno-e1739291941800.png 1545w\" sizes=\"auto, (max-width: 216px) 100vw, 216px\" \/><\/a><\/td>\n<td style=\"text-align: center; height: 168px; width: 187.391%;\"><a href=\"https:\/\/planeamiento.udelar.edu.uy\/portal\/sistema-de-indicadores\/\"><img loading=\"lazy\" decoding=\"async\" class=\"alignnone wp-image-21110 \" src=\"https:\/\/planeamiento.udelar.edu.uy\/portal\/wp-content\/uploads\/sites\/33\/2024\/02\/Boton-Indicadores-300x127.png\" alt=\"\" width=\"247\" height=\"104\" srcset=\"https:\/\/planeamiento.udelar.edu.uy\/portal\/wp-content\/uploads\/sites\/33\/2024\/02\/Boton-Indicadores-300x127.png 300w, https:\/\/planeamiento.udelar.edu.uy\/portal\/wp-content\/uploads\/sites\/33\/2024\/02\/Boton-Indicadores-768x326.png 768w, https:\/\/planeamiento.udelar.edu.uy\/portal\/wp-content\/uploads\/sites\/33\/2024\/02\/Boton-Indicadores-471x200.png 471w, https:\/\/planeamiento.udelar.edu.uy\/portal\/wp-content\/uploads\/sites\/33\/2024\/02\/Boton-Indicadores.png 805w\" sizes=\"auto, (max-width: 247px) 100vw, 247px\" \/><\/a><\/td>\n<\/tr>\n<\/tbody>\n<\/table>\n\n","protected":false},"excerpt":{"rendered":"<p>El objetivo es acercar a los diferentes actores de la instituci\u00f3n y de la sociedad informaci\u00f3n que socializa y democratiza el quehacer universitario. En caso de buscar informaci\u00f3n espec\u00edfica o &hellip;<\/p>\n","protected":false},"author":1,"featured_media":0,"parent":0,"menu_order":0,"comment_status":"closed","ping_status":"closed","template":"","meta":{"footnotes":""},"class_list":["post-9720","page","type-page","status-publish","hentry"],"jetpack_sharing_enabled":true,"_links":{"self":[{"href":"https:\/\/planeamiento.udelar.edu.uy\/portal\/wp-json\/wp\/v2\/pages\/9720","targetHints":{"allow":["GET"]}}],"collection":[{"href":"https:\/\/planeamiento.udelar.edu.uy\/portal\/wp-json\/wp\/v2\/pages"}],"about":[{"href":"https:\/\/planeamiento.udelar.edu.uy\/portal\/wp-json\/wp\/v2\/types\/page"}],"author":[{"embeddable":true,"href":"https:\/\/planeamiento.udelar.edu.uy\/portal\/wp-json\/wp\/v2\/users\/1"}],"replies":[{"embeddable":true,"href":"https:\/\/planeamiento.udelar.edu.uy\/portal\/wp-json\/wp\/v2\/comments?post=9720"}],"version-history":[{"count":73,"href":"https:\/\/planeamiento.udelar.edu.uy\/portal\/wp-json\/wp\/v2\/pages\/9720\/revisions"}],"predecessor-version":[{"id":22516,"href":"https:\/\/planeamiento.udelar.edu.uy\/portal\/wp-json\/wp\/v2\/pages\/9720\/revisions\/22516"}],"wp:attachment":[{"href":"https:\/\/planeamiento.udelar.edu.uy\/portal\/wp-json\/wp\/v2\/media?parent=9720"}],"curies":[{"name":"wp","href":"https:\/\/api.w.org\/{rel}","templated":true}]}}